{"id":38,"date":"2026-01-14T11:05:36","date_gmt":"2026-01-14T11:05:36","guid":{"rendered":"https:\/\/www.autumnfestival.net\/?page_id=38"},"modified":"2026-01-21T09:01:15","modified_gmt":"2026-01-21T09:01:15","slug":"programme","status":"publish","type":"page","link":"https:\/\/www.autumnfestival.net\/?page_id=38","title":{"rendered":"Programme"},"content":{"rendered":"\t\t<div data-elementor-type=\"wp-page\" data-elementor-id=\"38\" class=\"elementor elementor-38\">\n\t\t\t\t<div class=\"elementor-element elementor-element-ed48234 e-flex e-con-boxed e-con e-parent\" data-id=\"ed48234\" data-element_type=\"container\" data-e-type=\"container\" data-settings=\"{&quot;shape_divider_top&quot;:&quot;mountains&quot;}\">\n\t\t\t\t\t<div class=\"e-con-inner\">\n\t\t\t\t<div class=\"elementor-shape elementor-shape-top\" aria-hidden=\"true\" data-negative=\"false\">\n\t\t\t<svg xmlns=\"http:\/\/www.w3.org\/2000\/svg\" viewBox=\"0 0 1000 100\" preserveAspectRatio=\"none\">\n\t<path class=\"elementor-shape-fill\" opacity=\"0.33\" d=\"M473,67.3c-203.9,88.3-263.1-34-320.3,0C66,119.1,0,59.7,0,59.7V0h1000v59.7 c0,0-62.1,26.1-94.9,29.3c-32.8,3.3-62.8-12.3-75.8-22.1C806,49.6,745.3,8.7,694.9,4.7S492.4,59,473,67.3z\"\/>\n\t<path class=\"elementor-shape-fill\" opacity=\"0.66\" d=\"M734,67.3c-45.5,0-77.2-23.2-129.1-39.1c-28.6-8.7-150.3-10.1-254,39.1 s-91.7-34.4-149.2,0C115.7,118.3,0,39.8,0,39.8V0h1000v36.5c0,0-28.2-18.5-92.1-18.5C810.2,18.1,775.7,67.3,734,67.3z\"\/>\n\t<path class=\"elementor-shape-fill\" d=\"M766.1,28.9c-200-57.5-266,65.5-395.1,19.5C242,1.8,242,5.4,184.8,20.6C128,35.8,132.3,44.9,89.9,52.5C28.6,63.7,0,0,0,0 h1000c0,0-9.9,40.9-83.6,48.1S829.6,47,766.1,28.9z\"\/>\n<\/svg>\t\t<\/div>\n\t\t\t\t\t<\/div>\n\t\t\t\t<\/div>\n\t\t<div class=\"elementor-element elementor-element-e14acad e-flex e-con-boxed e-con e-parent\" data-id=\"e14acad\" data-element_type=\"container\" data-e-type=\"container\">\n\t\t\t\t\t<div class=\"e-con-inner\">\n\t\t\t\t<div class=\"elementor-element elementor-element-aa5a7ac elementor-widget elementor-widget-heading\" data-id=\"aa5a7ac\" data-element_type=\"widget\" data-e-type=\"widget\" data-widget_type=\"heading.default\">\n\t\t\t\t\t<h2 class=\"elementor-heading-title elementor-size-default\">\ud83d\udd5b PROGRAMME OFFICIEL (\u00e0 confirmer)<\/h2>\t\t\t\t<\/div>\n\t\t\t\t\t<\/div>\n\t\t\t\t<\/div>\n\t\t<div class=\"elementor-element elementor-element-510b30f e-flex e-con-boxed e-con e-parent\" data-id=\"510b30f\" data-element_type=\"container\" data-e-type=\"container\">\n\t\t\t\t\t<div class=\"e-con-inner\">\n\t\t\t\t\t<\/div>\n\t\t\t\t<\/div>\n\t\t<div class=\"elementor-element elementor-element-32b90bf e-flex e-con-boxed e-con e-parent\" data-id=\"32b90bf\" data-element_type=\"container\" data-e-type=\"container\">\n\t\t\t\t\t<div class=\"e-con-inner\">\n\t\t\t\t\t<\/div>\n\t\t\t\t<\/div>\n\t\t<div class=\"elementor-element elementor-element-dab8961 e-flex e-con-boxed e-con e-parent\" data-id=\"dab8961\" data-element_type=\"container\" data-e-type=\"container\">\n\t\t\t\t\t<div class=\"e-con-inner\">\n\t\t\t\t<div class=\"elementor-element elementor-element-9cc4ec7 elementor-widget elementor-widget-heading\" data-id=\"9cc4ec7\" data-element_type=\"widget\" data-e-type=\"widget\" data-widget_type=\"heading.default\">\n\t\t\t\t\t<h2 class=\"elementor-heading-title elementor-size-default\">12:00 \u2013 Ouverture du Festival<\/h2>\t\t\t\t<\/div>\n\t\t\t\t<div class=\"elementor-element elementor-element-ba4cf03 elementor-widget elementor-widget-text-editor\" data-id=\"ba4cf03\" data-element_type=\"widget\" data-e-type=\"widget\" data-widget_type=\"text-editor.default\">\n\t\t\t\t\t\t\t\t\t<ul><li>Accueil du public<\/li><li>Ouverture des stands Food Afro &amp; Suisse<\/li><li>Ambiance musicale lounge Afro &amp; World<\/li><\/ul>\t\t\t\t\t\t\t\t<\/div>\n\t\t\t\t\t<\/div>\n\t\t\t\t<\/div>\n\t\t<div class=\"elementor-element elementor-element-cdec3e9 e-flex e-con-boxed e-con e-parent\" data-id=\"cdec3e9\" data-element_type=\"container\" data-e-type=\"container\">\n\t\t\t\t\t<div class=\"e-con-inner\">\n\t\t\t\t\t<\/div>\n\t\t\t\t<\/div>\n\t\t<div class=\"elementor-element elementor-element-e4603ca e-flex e-con-boxed e-con e-parent\" data-id=\"e4603ca\" data-element_type=\"container\" data-e-type=\"container\">\n\t\t\t\t\t<div class=\"e-con-inner\">\n\t\t\t\t\t<\/div>\n\t\t\t\t<\/div>\n\t\t<div class=\"elementor-element elementor-element-6cc6e0d e-flex e-con-boxed e-con e-parent\" data-id=\"6cc6e0d\" data-element_type=\"container\" data-e-type=\"container\">\n\t\t\t\t\t<div class=\"e-con-inner\">\n\t\t\t\t<div class=\"elementor-element elementor-element-96ef706 elementor-widget elementor-widget-heading\" data-id=\"96ef706\" data-element_type=\"widget\" data-e-type=\"widget\" data-widget_type=\"heading.default\">\n\t\t\t\t\t<h2 class=\"elementor-heading-title elementor-size-default\">13:00 \u2013 Animations culinaires<\/h2>\t\t\t\t<\/div>\n\t\t\t\t<div class=\"elementor-element elementor-element-3f6ebcd elementor-widget elementor-widget-text-editor\" data-id=\"3f6ebcd\" data-element_type=\"widget\" data-e-type=\"widget\" data-widget_type=\"text-editor.default\">\n\t\t\t\t\t\t\t\t\t<ul><li>D\u00e9couverte des saveurs suisses &amp; africaines<\/li><li>Raclette, sp\u00e9cialit\u00e9s suisses<\/li><li>Tiep, Alloco, Maf\u00e9, grillades afro<\/li><li>Boissons &amp; douceurs artisanales<\/li><\/ul>\t\t\t\t\t\t\t\t<\/div>\n\t\t\t\t<div class=\"elementor-element elementor-element-43ed01c elementor-widget elementor-widget-image\" data-id=\"43ed01c\" data-element_type=\"widget\" data-e-type=\"widget\" data-widget_type=\"image.default\">\n\t\t\t\t\t\t\t\t\t\t\t\t\t\t\t<img fetchpriority=\"high\" decoding=\"async\" width=\"800\" height=\"337\" src=\"https:\/\/www.autumnfestival.net\/wp-content\/uploads\/2026\/01\/Image-Stands-1024x431.png\" class=\"attachment-large size-large wp-image-778\" alt=\"\" srcset=\"https:\/\/www.autumnfestival.net\/wp-content\/uploads\/2026\/01\/Image-Stands-1024x431.png 1024w, https:\/\/www.autumnfestival.net\/wp-content\/uploads\/2026\/01\/Image-Stands-300x126.webp 300w, https:\/\/www.autumnfestival.net\/wp-content\/uploads\/2026\/01\/Image-Stands-768x323.png 768w, https:\/\/www.autumnfestival.net\/wp-content\/uploads\/2026\/01\/Image-Stands.webp 1075w\" sizes=\"(max-width: 800px) 100vw, 800px\" \/>\t\t\t\t\t\t\t\t\t\t\t\t\t\t\t<\/div>\n\t\t\t\t\t<\/div>\n\t\t\t\t<\/div>\n\t\t<div class=\"elementor-element elementor-element-e96fc8d e-flex e-con-boxed e-con e-parent\" data-id=\"e96fc8d\" data-element_type=\"container\" data-e-type=\"container\">\n\t\t\t\t\t<div class=\"e-con-inner\">\n\t\t\t\t\t<\/div>\n\t\t\t\t<\/div>\n\t\t<div class=\"elementor-element elementor-element-d73d6ef e-flex e-con-boxed e-con e-parent\" data-id=\"d73d6ef\" data-element_type=\"container\" data-e-type=\"container\">\n\t\t\t\t\t<div class=\"e-con-inner\">\n\t\t\t\t<div class=\"elementor-element elementor-element-ec94a01 elementor-widget elementor-widget-heading\" data-id=\"ec94a01\" data-element_type=\"widget\" data-e-type=\"widget\" data-widget_type=\"heading.default\">\n\t\t\t\t\t<h2 class=\"elementor-heading-title elementor-size-default\">15:00 \u2013 Animations culturelles<\/h2>\t\t\t\t<\/div>\n\t\t\t\t<div class=\"elementor-element elementor-element-7098cf3 elementor-widget elementor-widget-text-editor\" data-id=\"7098cf3\" data-element_type=\"widget\" data-e-type=\"widget\" data-widget_type=\"text-editor.default\">\n\t\t\t\t\t\t\t\t\t<ul><li>Percussions africaines (djemb\u00e9 et balafon)<\/li><li>Danses afro traditionnelles &amp; modernes<\/li><li>Animations participatives pour le public<\/li><\/ul>\t\t\t\t\t\t\t\t<\/div>\n\t\t\t\t<div class=\"elementor-element elementor-element-3f0d47a elementor-widget elementor-widget-image\" data-id=\"3f0d47a\" data-element_type=\"widget\" data-e-type=\"widget\" data-widget_type=\"image.default\">\n\t\t\t\t\t\t\t\t\t\t\t\t\t\t\t<img decoding=\"async\" width=\"150\" height=\"150\" src=\"https:\/\/www.autumnfestival.net\/wp-content\/uploads\/2026\/01\/Balafon-150x150.webp\" class=\"attachment-thumbnail size-thumbnail wp-image-682\" alt=\"\" \/>\t\t\t\t\t\t\t\t\t\t\t\t\t\t\t<\/div>\n\t\t\t\t\t<\/div>\n\t\t\t\t<\/div>\n\t\t<div class=\"elementor-element elementor-element-ec5534b e-flex e-con-boxed e-con e-parent\" data-id=\"ec5534b\" data-element_type=\"container\" data-e-type=\"container\">\n\t\t\t\t\t<div class=\"e-con-inner\">\n\t\t\t\t\t<\/div>\n\t\t\t\t<\/div>\n\t\t<div class=\"elementor-element elementor-element-3f54496 e-flex e-con-boxed e-con e-parent\" data-id=\"3f54496\" data-element_type=\"container\" data-e-type=\"container\">\n\t\t\t\t\t<div class=\"e-con-inner\">\n\t\t\t\t<div class=\"elementor-element elementor-element-a089d31 elementor-widget elementor-widget-heading\" data-id=\"a089d31\" data-element_type=\"widget\" data-e-type=\"widget\" data-widget_type=\"heading.default\">\n\t\t\t\t\t<h2 class=\"elementor-heading-title elementor-size-default\">17:00 \u2013 Fusion musicale Afro Suisse<\/h2>\t\t\t\t<\/div>\n\t\t\t\t<div class=\"elementor-element elementor-element-298a8b5 elementor-widget elementor-widget-text-editor\" data-id=\"298a8b5\" data-element_type=\"widget\" data-e-type=\"widget\" data-widget_type=\"text-editor.default\">\n\t\t\t\t\t\t\t\t\t<ul><li>Performance Yodel suisse<\/li><li>Fusion live avec percussions africaines<\/li><li>Rencontre des cultures en musique <img decoding=\"async\" class=\"emoji\" role=\"img\" draggable=\"false\" src=\"https:\/\/s.w.org\/images\/core\/emoji\/17.0.2\/svg\/1f3b6.svg\" alt=\"\ud83c\udfb6\" \/><\/li><\/ul>\t\t\t\t\t\t\t\t<\/div>\n\t\t\t\t<div class=\"elementor-element elementor-element-f0e019a elementor-widget elementor-widget-image\" data-id=\"f0e019a\" data-element_type=\"widget\" data-e-type=\"widget\" data-widget_type=\"image.default\">\n\t\t\t\t\t\t\t\t\t\t\t\t\t\t\t<img decoding=\"async\" width=\"300\" height=\"200\" src=\"https:\/\/www.autumnfestival.net\/wp-content\/uploads\/2026\/01\/35B9AFA5-3180-48ED-9C99-C6CC77B7A71A-300x200.webp\" class=\"attachment-medium size-medium wp-image-644\" alt=\"\" srcset=\"https:\/\/www.autumnfestival.net\/wp-content\/uploads\/2026\/01\/35B9AFA5-3180-48ED-9C99-C6CC77B7A71A-300x200.webp 300w, https:\/\/www.autumnfestival.net\/wp-content\/uploads\/2026\/01\/35B9AFA5-3180-48ED-9C99-C6CC77B7A71A-1024x683.png 1024w, https:\/\/www.autumnfestival.net\/wp-content\/uploads\/2026\/01\/35B9AFA5-3180-48ED-9C99-C6CC77B7A71A-768x512.png 768w, https:\/\/www.autumnfestival.net\/wp-content\/uploads\/2026\/01\/35B9AFA5-3180-48ED-9C99-C6CC77B7A71A.webp 1536w\" sizes=\"(max-width: 300px) 100vw, 300px\" \/>\t\t\t\t\t\t\t\t\t\t\t\t\t\t\t<\/div>\n\t\t\t\t\t<\/div>\n\t\t\t\t<\/div>\n\t\t<div class=\"elementor-element elementor-element-4991990 e-flex e-con-boxed e-con e-parent\" data-id=\"4991990\" data-element_type=\"container\" data-e-type=\"container\">\n\t\t\t\t\t<div class=\"e-con-inner\">\n\t\t\t\t\t<\/div>\n\t\t\t\t<\/div>\n\t\t<div class=\"elementor-element elementor-element-c719e21 e-flex e-con-boxed e-con e-parent\" data-id=\"c719e21\" data-element_type=\"container\" data-e-type=\"container\">\n\t\t\t\t\t<div class=\"e-con-inner\">\n\t\t\t\t<div class=\"elementor-element elementor-element-acbab2f elementor-widget elementor-widget-heading\" data-id=\"acbab2f\" data-element_type=\"widget\" data-e-type=\"widget\" data-widget_type=\"heading.default\">\n\t\t\t\t\t<h2 class=\"elementor-heading-title elementor-size-default\">18:30 \u2013 Concerts live<\/h2>\t\t\t\t<\/div>\n\t\t\t\t<div class=\"elementor-element elementor-element-abda626 elementor-widget elementor-widget-text-editor\" data-id=\"abda626\" data-element_type=\"widget\" data-e-type=\"widget\" data-widget_type=\"text-editor.default\">\n\t\t\t\t\t\t\t\t\t<ul><li>Artistes Afro \/ World \/ Fusion<\/li><li>Groupes locaux et invit\u00e9s<\/li><li>Ambiance festive et dansante<\/li><\/ul>\t\t\t\t\t\t\t\t<\/div>\n\t\t\t\t\t<\/div>\n\t\t\t\t<\/div>\n\t\t<div class=\"elementor-element elementor-element-272ded9 e-flex e-con-boxed e-con e-parent\" data-id=\"272ded9\" data-element_type=\"container\" data-e-type=\"container\">\n\t\t\t\t\t<div class=\"e-con-inner\">\n\t\t\t\t\t<\/div>\n\t\t\t\t<\/div>\n\t\t<div class=\"elementor-element elementor-element-951b02f e-flex e-con-boxed e-con e-parent\" data-id=\"951b02f\" data-element_type=\"container\" data-e-type=\"container\">\n\t\t\t\t\t<div class=\"e-con-inner\">\n\t\t\t\t<div class=\"elementor-element elementor-element-dfc0157 elementor-widget elementor-widget-heading\" data-id=\"dfc0157\" data-element_type=\"widget\" data-e-type=\"widget\" data-widget_type=\"heading.default\">\n\t\t\t\t\t<h2 class=\"elementor-heading-title elementor-size-default\">21:00 \u2013 DJ Set Afro Vibes<\/h2>\t\t\t\t<\/div>\n\t\t\t\t<div class=\"elementor-element elementor-element-39f8f8e elementor-widget elementor-widget-text-editor\" data-id=\"39f8f8e\" data-element_type=\"widget\" data-e-type=\"widget\" data-widget_type=\"text-editor.default\">\n\t\t\t\t\t\t\t\t\t<ul><li>Afrobeat \u00b7 Amapiano \u00b7 World music<\/li><li>Dancefloor ouvert jusqu\u2019\u00e0 la cl\u00f4ture \ud83d\udc83\ud83c\udffe\ud83d\udd7a\ud83c\udffd<\/li><\/ul>\t\t\t\t\t\t\t\t<\/div>\n\t\t\t\t\t<\/div>\n\t\t\t\t<\/div>\n\t\t<div class=\"elementor-element elementor-element-a0bf606 e-flex e-con-boxed e-con e-parent\" data-id=\"a0bf606\" data-element_type=\"container\" data-e-type=\"container\">\n\t\t\t\t\t<div class=\"e-con-inner\">\n\t\t\t\t\t<\/div>\n\t\t\t\t<\/div>\n\t\t<div class=\"elementor-element elementor-element-4504c6d e-flex e-con-boxed e-con e-parent\" data-id=\"4504c6d\" data-element_type=\"container\" data-e-type=\"container\" data-settings=\"{&quot;shape_divider_bottom&quot;:&quot;mountains&quot;}\">\n\t\t\t\t\t<div class=\"e-con-inner\">\n\t\t\t\t<div class=\"elementor-shape elementor-shape-bottom\" aria-hidden=\"true\" data-negative=\"false\">\n\t\t\t<svg xmlns=\"http:\/\/www.w3.org\/2000\/svg\" viewBox=\"0 0 1000 100\" preserveAspectRatio=\"none\">\n\t<path class=\"elementor-shape-fill\" opacity=\"0.33\" d=\"M473,67.3c-203.9,88.3-263.1-34-320.3,0C66,119.1,0,59.7,0,59.7V0h1000v59.7 c0,0-62.1,26.1-94.9,29.3c-32.8,3.3-62.8-12.3-75.8-22.1C806,49.6,745.3,8.7,694.9,4.7S492.4,59,473,67.3z\"\/>\n\t<path class=\"elementor-shape-fill\" opacity=\"0.66\" d=\"M734,67.3c-45.5,0-77.2-23.2-129.1-39.1c-28.6-8.7-150.3-10.1-254,39.1 s-91.7-34.4-149.2,0C115.7,118.3,0,39.8,0,39.8V0h1000v36.5c0,0-28.2-18.5-92.1-18.5C810.2,18.1,775.7,67.3,734,67.3z\"\/>\n\t<path class=\"elementor-shape-fill\" d=\"M766.1,28.9c-200-57.5-266,65.5-395.1,19.5C242,1.8,242,5.4,184.8,20.6C128,35.8,132.3,44.9,89.9,52.5C28.6,63.7,0,0,0,0 h1000c0,0-9.9,40.9-83.6,48.1S829.6,47,766.1,28.9z\"\/>\n<\/svg>\t\t<\/div>\n\t\t\t\t\t<\/div>\n\t\t\t\t<\/div>\n\t\t\t\t<\/div>\n\t\t","protected":false},"excerpt":{"rendered":"<p>\ud83d\udd5b PROGRAMME OFFICIEL (\u00e0 confirmer) 12:00 \u2013 Ouverture du Festival Accueil du public Ouverture des stands Food Afro &amp; Suisse Ambiance musicale lounge Afro &amp; World 13:00 \u2013 Animations culinaires D\u00e9couverte des saveurs suisses &amp; africaines Raclette, sp\u00e9cialit\u00e9s suisses Tiep, Alloco, Maf\u00e9, grillades afro Boissons &amp; douceurs artisanales 15:00 \u2013 Animations culturelles Percussions africaines (djemb\u00e9 [&hellip;]<\/p>\n","protected":false},"author":1,"featured_media":0,"parent":0,"menu_order":0,"comment_status":"closed","ping_status":"closed","template":"elementor_header_footer","meta":{"footnotes":""},"class_list":["post-38","page","type-page","status-publish","hentry"],"_links":{"self":[{"href":"https:\/\/www.autumnfestival.net\/index.php?rest_route=\/wp\/v2\/pages\/38","targetHints":{"allow":["GET"]}}],"collection":[{"href":"https:\/\/www.autumnfestival.net\/index.php?rest_route=\/wp\/v2\/pages"}],"about":[{"href":"https:\/\/www.autumnfestival.net\/index.php?rest_route=\/wp\/v2\/types\/page"}],"author":[{"embeddable":true,"href":"https:\/\/www.autumnfestival.net\/index.php?rest_route=\/wp\/v2\/users\/1"}],"replies":[{"embeddable":true,"href":"https:\/\/www.autumnfestival.net\/index.php?rest_route=%2Fwp%2Fv2%2Fcomments&post=38"}],"version-history":[{"count":48,"href":"https:\/\/www.autumnfestival.net\/index.php?rest_route=\/wp\/v2\/pages\/38\/revisions"}],"predecessor-version":[{"id":821,"href":"https:\/\/www.autumnfestival.net\/index.php?rest_route=\/wp\/v2\/pages\/38\/revisions\/821"}],"wp:attachment":[{"href":"https:\/\/www.autumnfestival.net\/index.php?rest_route=%2Fwp%2Fv2%2Fmedia&parent=38"}],"curies":[{"name":"wp","href":"https:\/\/api.w.org\/{rel}","templated":true}]}}