{"id":430,"date":"2026-01-18T06:08:45","date_gmt":"2026-01-18T06:08:45","guid":{"rendered":"https:\/\/www.autumnfestival.net\/?page_id=430"},"modified":"2026-01-24T20:06:49","modified_gmt":"2026-01-24T20:06:49","slug":"accueil-2","status":"publish","type":"page","link":"https:\/\/www.autumnfestival.net\/","title":{"rendered":"Accueil"},"content":{"rendered":"\t\t<div data-elementor-type=\"wp-page\" data-elementor-id=\"430\" class=\"elementor elementor-430\">\n\t\t\t\t<div class=\"elementor-element elementor-element-0e64c13 e-flex e-con-boxed e-con e-parent\" data-id=\"0e64c13\" data-element_type=\"container\" data-e-type=\"container\" data-settings=\"{&quot;shape_divider_top&quot;:&quot;mountains&quot;}\">\n\t\t\t\t\t<div class=\"e-con-inner\">\n\t\t\t\t<div class=\"elementor-shape elementor-shape-top\" aria-hidden=\"true\" data-negative=\"false\">\n\t\t\t<svg xmlns=\"http:\/\/www.w3.org\/2000\/svg\" viewBox=\"0 0 1000 100\" preserveAspectRatio=\"none\">\n\t<path class=\"elementor-shape-fill\" opacity=\"0.33\" d=\"M473,67.3c-203.9,88.3-263.1-34-320.3,0C66,119.1,0,59.7,0,59.7V0h1000v59.7 c0,0-62.1,26.1-94.9,29.3c-32.8,3.3-62.8-12.3-75.8-22.1C806,49.6,745.3,8.7,694.9,4.7S492.4,59,473,67.3z\"\/>\n\t<path class=\"elementor-shape-fill\" opacity=\"0.66\" d=\"M734,67.3c-45.5,0-77.2-23.2-129.1-39.1c-28.6-8.7-150.3-10.1-254,39.1 s-91.7-34.4-149.2,0C115.7,118.3,0,39.8,0,39.8V0h1000v36.5c0,0-28.2-18.5-92.1-18.5C810.2,18.1,775.7,67.3,734,67.3z\"\/>\n\t<path class=\"elementor-shape-fill\" d=\"M766.1,28.9c-200-57.5-266,65.5-395.1,19.5C242,1.8,242,5.4,184.8,20.6C128,35.8,132.3,44.9,89.9,52.5C28.6,63.7,0,0,0,0 h1000c0,0-9.9,40.9-83.6,48.1S829.6,47,766.1,28.9z\"\/>\n<\/svg>\t\t<\/div>\n\t\t\t\t\t<\/div>\n\t\t\t\t<\/div>\n\t\t<div class=\"elementor-element elementor-element-a283373 e-flex e-con-boxed e-con e-parent\" data-id=\"a283373\" data-element_type=\"container\" data-e-type=\"container\">\n\t\t\t\t\t<div class=\"e-con-inner\">\n\t\t\t\t<div class=\"elementor-element elementor-element-a037344 elementor-widget elementor-widget-image\" data-id=\"a037344\" data-element_type=\"widget\" data-e-type=\"widget\" data-widget_type=\"image.default\">\n\t\t\t\t\t\t\t\t\t\t\t\t\t\t\t<img decoding=\"async\" src=\"https:\/\/www.autumnfestival.net\/wp-content\/uploads\/elementor\/thumbs\/248AB204-6BED-43B7-BD3E-D90AFA1E284B1-rhu9u3u1l7lhvz0j7pv4z8gyibfehnngiai110u660.webp\" title=\"248AB204-6BED-43B7-BD3E-D90AFA1E284B(1)\" alt=\"248AB204-6BED-43B7-BD3E-D90AFA1E284B(1)\" loading=\"lazy\" \/>\t\t\t\t\t\t\t\t\t\t\t\t\t\t\t<\/div>\n\t\t\t\t\t<\/div>\n\t\t\t\t<\/div>\n\t\t<div class=\"elementor-element elementor-element-02e4431 e-flex e-con-boxed e-con e-parent\" data-id=\"02e4431\" data-element_type=\"container\" data-e-type=\"container\">\n\t\t\t\t\t<div class=\"e-con-inner\">\n\t\t\t\t<div class=\"elementor-element elementor-element-4ef6d83 elementor-widget elementor-widget-heading\" data-id=\"4ef6d83\" data-element_type=\"widget\" data-e-type=\"widget\" data-widget_type=\"heading.default\">\n\t\t\t\t\t<h2 class=\"elementor-heading-title elementor-size-default\">AUTUMN FESTIVAL 2026<\/h2>\t\t\t\t<\/div>\n\t\t\t\t<div class=\"elementor-element elementor-element-410cb52 elementor-widget elementor-widget-text-editor\" data-id=\"410cb52\" data-element_type=\"widget\" data-e-type=\"widget\" data-widget_type=\"text-editor.default\">\n\t\t\t\t\t\t\t\t\t<p>Fusions gourmandes &#8211; Vibes Afro-Suisse<\/p>\t\t\t\t\t\t\t\t<\/div>\n\t\t\t\t<div class=\"elementor-element elementor-element-0d59fa9 elementor-widget elementor-widget-text-editor\" data-id=\"0d59fa9\" data-element_type=\"widget\" data-e-type=\"widget\" data-widget_type=\"text-editor.default\">\n\t\t\t\t\t\t\t\t\t<p>\ud83d\udcc5 5 septembre 2026 <br \/>\ud83d\udccd Salle Polyvalente de Montoly \u2013 Gland <br \/>\u23f0 10h00 \u2013 02h00<\/p>\t\t\t\t\t\t\t\t<\/div>\n\t\t\t\t\t<\/div>\n\t\t\t\t<\/div>\n\t\t<div class=\"elementor-element elementor-element-1dcb3b6 e-flex e-con-boxed e-con e-parent\" data-id=\"1dcb3b6\" data-element_type=\"container\" data-e-type=\"container\">\n\t\t\t\t\t<div class=\"e-con-inner\">\n\t\t\t\t<div class=\"elementor-element elementor-element-7a2db5d elementor-widget elementor-widget-image\" data-id=\"7a2db5d\" data-element_type=\"widget\" data-e-type=\"widget\" data-widget_type=\"image.default\">\n\t\t\t\t\t\t\t\t\t\t\t\t\t\t\t<img fetchpriority=\"high\" decoding=\"async\" width=\"768\" height=\"512\" src=\"https:\/\/www.autumnfestival.net\/wp-content\/uploads\/2026\/01\/976FE4F4-277F-4B71-8DCC-E0F51D97C285-768x512.png\" class=\"attachment-medium_large size-medium_large wp-image-691\" alt=\"\" srcset=\"https:\/\/www.autumnfestival.net\/wp-content\/uploads\/2026\/01\/976FE4F4-277F-4B71-8DCC-E0F51D97C285-768x512.png 768w, https:\/\/www.autumnfestival.net\/wp-content\/uploads\/2026\/01\/976FE4F4-277F-4B71-8DCC-E0F51D97C285-300x200.png 300w, https:\/\/www.autumnfestival.net\/wp-content\/uploads\/2026\/01\/976FE4F4-277F-4B71-8DCC-E0F51D97C285-1024x683.png 1024w, https:\/\/www.autumnfestival.net\/wp-content\/uploads\/2026\/01\/976FE4F4-277F-4B71-8DCC-E0F51D97C285.png 1536w\" sizes=\"(max-width: 768px) 100vw, 768px\" \/>\t\t\t\t\t\t\t\t\t\t\t\t\t\t\t<\/div>\n\t\t\t\t\t<\/div>\n\t\t\t\t<\/div>\n\t\t<div class=\"elementor-element elementor-element-9c2ff9e e-flex e-con-boxed e-con e-parent\" data-id=\"9c2ff9e\" data-element_type=\"container\" data-e-type=\"container\">\n\t\t\t\t\t<div class=\"e-con-inner\">\n\t\t\t\t\t<\/div>\n\t\t\t\t<\/div>\n\t\t<div class=\"elementor-element elementor-element-93ffe5b e-flex e-con-boxed e-con e-parent\" data-id=\"93ffe5b\" data-element_type=\"container\" data-e-type=\"container\">\n\t\t\t\t\t<div class=\"e-con-inner\">\n\t\t\t\t<div class=\"elementor-element elementor-element-623d648 elementor-widget elementor-widget-heading\" data-id=\"623d648\" data-element_type=\"widget\" data-e-type=\"widget\" data-widget_type=\"heading.default\">\n\t\t\t\t\t<h2 class=\"elementor-heading-title elementor-size-default\">Un festival unique entre traditions et saveurs<\/h2>\t\t\t\t<\/div>\n\t\t\t\t<div class=\"elementor-element elementor-element-5badd9a elementor-widget elementor-widget-text-editor\" data-id=\"5badd9a\" data-element_type=\"widget\" data-e-type=\"widget\" data-widget_type=\"text-editor.default\">\n\t\t\t\t\t\t\t\t\t<p>Autumn Festival est un \u00e9v\u00e9nement culturel et culinaire<br \/>qui c\u00e9l\u00e8bre la rencontre entre traditions suisses et cultures afro.<\/p><p>Musique live, gastronomie, animations et convivialit\u00e9<br \/>vous attendent pour une journ\u00e9e festive et inclusive.<\/p>\t\t\t\t\t\t\t\t<\/div>\n\t\t\t\t\t<\/div>\n\t\t\t\t<\/div>\n\t\t<div class=\"elementor-element elementor-element-47e484e e-flex e-con-boxed e-con e-parent\" data-id=\"47e484e\" data-element_type=\"container\" data-e-type=\"container\">\n\t\t\t\t\t<div class=\"e-con-inner\">\n\t\t\t\t<div class=\"elementor-element elementor-element-f5a211c elementor-widget elementor-widget-image\" data-id=\"f5a211c\" data-element_type=\"widget\" data-e-type=\"widget\" data-widget_type=\"image.default\">\n\t\t\t\t\t\t\t\t\t\t\t\t\t\t\t<img decoding=\"async\" width=\"768\" height=\"512\" src=\"https:\/\/www.autumnfestival.net\/wp-content\/uploads\/2026\/01\/FFB49B2A-B430-4C8B-AD66-885AAEEFC38D-768x512.png\" class=\"attachment-medium_large size-medium_large wp-image-693\" alt=\"\" srcset=\"https:\/\/www.autumnfestival.net\/wp-content\/uploads\/2026\/01\/FFB49B2A-B430-4C8B-AD66-885AAEEFC38D-768x512.png 768w, https:\/\/www.autumnfestival.net\/wp-content\/uploads\/2026\/01\/FFB49B2A-B430-4C8B-AD66-885AAEEFC38D-300x200.png 300w, https:\/\/www.autumnfestival.net\/wp-content\/uploads\/2026\/01\/FFB49B2A-B430-4C8B-AD66-885AAEEFC38D-1024x683.png 1024w, https:\/\/www.autumnfestival.net\/wp-content\/uploads\/2026\/01\/FFB49B2A-B430-4C8B-AD66-885AAEEFC38D.webp 1536w\" sizes=\"(max-width: 768px) 100vw, 768px\" \/>\t\t\t\t\t\t\t\t\t\t\t\t\t\t\t<\/div>\n\t\t\t\t\t<\/div>\n\t\t\t\t<\/div>\n\t\t<div class=\"elementor-element elementor-element-f2dd88a e-flex e-con-boxed e-con e-parent\" data-id=\"f2dd88a\" data-element_type=\"container\" data-e-type=\"container\">\n\t\t\t\t\t<div class=\"e-con-inner\">\n\t\t\t\t\t<\/div>\n\t\t\t\t<\/div>\n\t\t<div class=\"elementor-element elementor-element-197b9cb e-flex e-con-boxed e-con e-parent\" data-id=\"197b9cb\" data-element_type=\"container\" data-e-type=\"container\">\n\t\t\t\t\t<div class=\"e-con-inner\">\n\t\t\t\t<div class=\"elementor-element elementor-element-73c4e71 elementor-widget elementor-widget-heading\" data-id=\"73c4e71\" data-element_type=\"widget\" data-e-type=\"widget\" data-widget_type=\"heading.default\">\n\t\t\t\t\t<h2 class=\"elementor-heading-title elementor-size-default\"><a href=\"https:\/\/www.autumnfestival.net\/?page_id=38\">Programme<\/a><\/h2>\t\t\t\t<\/div>\n\t\t\t\t<div class=\"elementor-element elementor-element-b36edd2 elementor-widget elementor-widget-text-editor\" data-id=\"b36edd2\" data-element_type=\"widget\" data-e-type=\"widget\" data-widget_type=\"text-editor.default\">\n\t\t\t\t\t\t\t\t\t<p>Un voyage culinaire entre l\u2019Afrique et la Suisse :<br \/>plats traditionnels, sp\u00e9cialit\u00e9s maison<br \/>et d\u00e9couvertes gourmandes.<\/p>\t\t\t\t\t\t\t\t<\/div>\n\t\t\t\t\t<\/div>\n\t\t\t\t<\/div>\n\t\t<div class=\"elementor-element elementor-element-9c2b36a e-flex e-con-boxed e-con e-parent\" data-id=\"9c2b36a\" data-element_type=\"container\" data-e-type=\"container\">\n\t\t\t\t\t<div class=\"e-con-inner\">\n\t\t\t\t\t<\/div>\n\t\t\t\t<\/div>\n\t\t<div class=\"elementor-element elementor-element-5be65f7 e-flex e-con-boxed e-con e-parent\" data-id=\"5be65f7\" data-element_type=\"container\" data-e-type=\"container\">\n\t\t\t\t\t<div class=\"e-con-inner\">\n\t\t\t\t<div class=\"elementor-element elementor-element-e710e1a elementor-widget elementor-widget-heading\" data-id=\"e710e1a\" data-element_type=\"widget\" data-e-type=\"widget\" data-widget_type=\"heading.default\">\n\t\t\t\t\t<h2 class=\"elementor-heading-title elementor-size-default\">Food &amp; Saveurs<\/h2>\t\t\t\t<\/div>\n\t\t\t\t<div class=\"elementor-element elementor-element-623f47e elementor-widget elementor-widget-text-editor\" data-id=\"623f47e\" data-element_type=\"widget\" data-e-type=\"widget\" data-widget_type=\"text-editor.default\">\n\t\t\t\t\t\t\t\t\t<p>Un voyage culinaire entre l\u2019Afrique et la Suisse :<br \/>plats traditionnels, sp\u00e9cialit\u00e9s maison<br \/>et d\u00e9couvertes gourmandes.<\/p>\t\t\t\t\t\t\t\t<\/div>\n\t\t\t\t\t<\/div>\n\t\t\t\t<\/div>\n\t\t<div class=\"elementor-element elementor-element-452860f e-flex e-con-boxed e-con e-parent\" data-id=\"452860f\" data-element_type=\"container\" data-e-type=\"container\">\n\t\t\t\t\t<div class=\"e-con-inner\">\n\t\t\t\t<div class=\"elementor-element elementor-element-836df02 elementor-widget elementor-widget-image\" data-id=\"836df02\" data-element_type=\"widget\" data-e-type=\"widget\" data-widget_type=\"image.default\">\n\t\t\t\t\t\t\t\t\t\t\t\t\t\t\t<img decoding=\"async\" width=\"768\" height=\"512\" src=\"https:\/\/www.autumnfestival.net\/wp-content\/uploads\/2026\/01\/ChatGPT-Image-21-janv.-2026-07_17_26-768x512.png\" class=\"attachment-medium_large size-medium_large wp-image-722\" alt=\"\" srcset=\"https:\/\/www.autumnfestival.net\/wp-content\/uploads\/2026\/01\/ChatGPT-Image-21-janv.-2026-07_17_26-768x512.png 768w, https:\/\/www.autumnfestival.net\/wp-content\/uploads\/2026\/01\/ChatGPT-Image-21-janv.-2026-07_17_26-300x200.webp 300w, https:\/\/www.autumnfestival.net\/wp-content\/uploads\/2026\/01\/ChatGPT-Image-21-janv.-2026-07_17_26-1024x683.webp 1024w, https:\/\/www.autumnfestival.net\/wp-content\/uploads\/2026\/01\/ChatGPT-Image-21-janv.-2026-07_17_26.webp 1536w\" sizes=\"(max-width: 768px) 100vw, 768px\" \/>\t\t\t\t\t\t\t\t\t\t\t\t\t\t\t<\/div>\n\t\t\t\t\t<\/div>\n\t\t\t\t<\/div>\n\t\t<div class=\"elementor-element elementor-element-27c97e1 e-flex e-con-boxed e-con e-parent\" data-id=\"27c97e1\" data-element_type=\"container\" data-e-type=\"container\">\n\t\t\t\t\t<div class=\"e-con-inner\">\n\t\t\t\t\t<\/div>\n\t\t\t\t<\/div>\n\t\t<div class=\"elementor-element elementor-element-ad7cc06 e-flex e-con-boxed e-con e-parent\" data-id=\"ad7cc06\" data-element_type=\"container\" data-e-type=\"container\">\n\t\t\t\t\t<div class=\"e-con-inner\">\n\t\t\t\t<div class=\"elementor-element elementor-element-19d5555 elementor-widget elementor-widget-heading\" data-id=\"19d5555\" data-element_type=\"widget\" data-e-type=\"widget\" data-widget_type=\"heading.default\">\n\t\t\t\t\t<h2 class=\"elementor-heading-title elementor-size-default\">Artistes &amp; Performers<\/h2>\t\t\t\t<\/div>\n\t\t\t\t<div class=\"elementor-element elementor-element-c2a2da5 elementor-widget elementor-widget-text-editor\" data-id=\"c2a2da5\" data-element_type=\"widget\" data-e-type=\"widget\" data-widget_type=\"text-editor.default\">\n\t\t\t\t\t\t\t\t\t<p>Des artistes venus d\u2019horizons diff\u00e9rents pour une ambiance festive, rythm\u00e9e et authentique.<\/p>\t\t\t\t\t\t\t\t<\/div>\n\t\t\t\t\t<\/div>\n\t\t\t\t<\/div>\n\t\t<div class=\"elementor-element elementor-element-ddb0a67 e-flex e-con-boxed e-con e-parent\" data-id=\"ddb0a67\" data-element_type=\"container\" data-e-type=\"container\">\n\t\t\t\t\t<div class=\"e-con-inner\">\n\t\t\t\t<div class=\"elementor-element elementor-element-8488cdb elementor-widget elementor-widget-image\" data-id=\"8488cdb\" data-element_type=\"widget\" data-e-type=\"widget\" data-widget_type=\"image.default\">\n\t\t\t\t\t\t\t\t\t\t\t\t\t\t\t<img loading=\"lazy\" decoding=\"async\" width=\"768\" height=\"512\" src=\"https:\/\/www.autumnfestival.net\/wp-content\/uploads\/2026\/01\/ChatGPT-Image-21-janv.-2026-07_26_45-768x512.webp\" class=\"attachment-medium_large size-medium_large wp-image-733\" alt=\"\" srcset=\"https:\/\/www.autumnfestival.net\/wp-content\/uploads\/2026\/01\/ChatGPT-Image-21-janv.-2026-07_26_45-768x512.webp 768w, https:\/\/www.autumnfestival.net\/wp-content\/uploads\/2026\/01\/ChatGPT-Image-21-janv.-2026-07_26_45-300x200.webp 300w, https:\/\/www.autumnfestival.net\/wp-content\/uploads\/2026\/01\/ChatGPT-Image-21-janv.-2026-07_26_45-1024x683.webp 1024w, https:\/\/www.autumnfestival.net\/wp-content\/uploads\/2026\/01\/ChatGPT-Image-21-janv.-2026-07_26_45.webp 1536w\" sizes=\"(max-width: 768px) 100vw, 768px\" \/>\t\t\t\t\t\t\t\t\t\t\t\t\t\t\t<\/div>\n\t\t\t\t\t<\/div>\n\t\t\t\t<\/div>\n\t\t<div class=\"elementor-element elementor-element-aa6be9c e-flex e-con-boxed e-con e-parent\" data-id=\"aa6be9c\" data-element_type=\"container\" data-e-type=\"container\">\n\t\t\t\t\t<div class=\"e-con-inner\">\n\t\t\t\t\t<\/div>\n\t\t\t\t<\/div>\n\t\t<div class=\"elementor-element elementor-element-2cb1e38 e-flex e-con-boxed e-con e-parent\" data-id=\"2cb1e38\" data-element_type=\"container\" data-e-type=\"container\">\n\t\t\t\t\t<div class=\"e-con-inner\">\n\t\t\t\t<div class=\"elementor-element elementor-element-a2deb88 elementor-widget elementor-widget-heading\" data-id=\"a2deb88\" data-element_type=\"widget\" data-e-type=\"widget\" data-widget_type=\"heading.default\">\n\t\t\t\t\t<h2 class=\"elementor-heading-title elementor-size-default\"><a href=\"https:\/\/www.autumnfestival.net\/?page_id=44\">Sponsors &amp; Partners<\/a><\/h2>\t\t\t\t<\/div>\n\t\t\t\t<div class=\"elementor-element elementor-element-2f3172d elementor-widget elementor-widget-text-editor\" data-id=\"2f3172d\" data-element_type=\"widget\" data-e-type=\"widget\" data-widget_type=\"text-editor.default\">\n\t\t\t\t\t\t\t\t\t<p>Merci \u00e0 nos partenaires pour leur soutien.<br \/>Envie de devenir sponsor ?<\/p>\t\t\t\t\t\t\t\t<\/div>\n\t\t\t\t\t<\/div>\n\t\t\t\t<\/div>\n\t\t<div class=\"elementor-element elementor-element-1f78300 e-flex e-con-boxed e-con e-parent\" data-id=\"1f78300\" data-element_type=\"container\" data-e-type=\"container\">\n\t\t\t\t\t<div class=\"e-con-inner\">\n\t\t\t\t\t<\/div>\n\t\t\t\t<\/div>\n\t\t<div class=\"elementor-element elementor-element-468f12a e-flex e-con-boxed e-con e-parent\" data-id=\"468f12a\" data-element_type=\"container\" data-e-type=\"container\">\n\t\t\t\t\t<div class=\"e-con-inner\">\n\t\t\t\t<div class=\"elementor-element elementor-element-bb1d9ba elementor-widget elementor-widget-text-editor\" data-id=\"bb1d9ba\" data-element_type=\"widget\" data-e-type=\"widget\" data-widget_type=\"text-editor.default\">\n\t\t\t\t\t\t\t\t\t<p>\ud83d\udce7 contact@autumnfestival.net <br \/>\ud83d\udccd Salle Polyvalente de Montoly <br \/>Chemin de Montoly 1 \u2013 1196 Gland<\/p>\t\t\t\t\t\t\t\t<\/div>\n\t\t\t\t\t<\/div>\n\t\t\t\t<\/div>\n\t\t<div class=\"elementor-element elementor-element-ed6622a e-flex e-con-boxed e-con e-parent\" data-id=\"ed6622a\" data-element_type=\"container\" data-e-type=\"container\">\n\t\t\t\t\t<div class=\"e-con-inner\">\n\t\t\t\t\t<\/div>\n\t\t\t\t<\/div>\n\t\t<div class=\"elementor-element elementor-element-da1264d e-flex e-con-boxed e-con e-parent\" data-id=\"da1264d\" data-element_type=\"container\" data-e-type=\"container\" data-settings=\"{&quot;shape_divider_bottom&quot;:&quot;mountains&quot;}\">\n\t\t\t\t\t<div class=\"e-con-inner\">\n\t\t\t\t<div class=\"elementor-shape elementor-shape-bottom\" aria-hidden=\"true\" data-negative=\"false\">\n\t\t\t<svg xmlns=\"http:\/\/www.w3.org\/2000\/svg\" viewBox=\"0 0 1000 100\" preserveAspectRatio=\"none\">\n\t<path class=\"elementor-shape-fill\" opacity=\"0.33\" d=\"M473,67.3c-203.9,88.3-263.1-34-320.3,0C66,119.1,0,59.7,0,59.7V0h1000v59.7 c0,0-62.1,26.1-94.9,29.3c-32.8,3.3-62.8-12.3-75.8-22.1C806,49.6,745.3,8.7,694.9,4.7S492.4,59,473,67.3z\"\/>\n\t<path class=\"elementor-shape-fill\" opacity=\"0.66\" d=\"M734,67.3c-45.5,0-77.2-23.2-129.1-39.1c-28.6-8.7-150.3-10.1-254,39.1 s-91.7-34.4-149.2,0C115.7,118.3,0,39.8,0,39.8V0h1000v36.5c0,0-28.2-18.5-92.1-18.5C810.2,18.1,775.7,67.3,734,67.3z\"\/>\n\t<path class=\"elementor-shape-fill\" d=\"M766.1,28.9c-200-57.5-266,65.5-395.1,19.5C242,1.8,242,5.4,184.8,20.6C128,35.8,132.3,44.9,89.9,52.5C28.6,63.7,0,0,0,0 h1000c0,0-9.9,40.9-83.6,48.1S829.6,47,766.1,28.9z\"\/>\n<\/svg>\t\t<\/div>\n\t\t\t\t\t<\/div>\n\t\t\t\t<\/div>\n\t\t\t\t<\/div>\n\t\t","protected":false},"excerpt":{"rendered":"<p>AUTUMN FESTIVAL 2026 Fusions gourmandes &#8211; Vibes Afro-Suisse \ud83d\udcc5 5 septembre 2026 \ud83d\udccd Salle Polyvalente de Montoly \u2013 Gland \u23f0 10h00 \u2013 02h00 Un festival unique entre traditions et saveurs Autumn Festival est un \u00e9v\u00e9nement culturel et culinairequi c\u00e9l\u00e8bre la rencontre entre traditions suisses et cultures afro. Musique live, gastronomie, animations et convivialit\u00e9vous attendent pour [&hellip;]<\/p>\n","protected":false},"author":1,"featured_media":0,"parent":0,"menu_order":0,"comment_status":"closed","ping_status":"closed","template":"elementor_header_footer","meta":{"footnotes":""},"class_list":["post-430","page","type-page","status-publish","hentry"],"_links":{"self":[{"href":"https:\/\/www.autumnfestival.net\/index.php?rest_route=\/wp\/v2\/pages\/430","targetHints":{"allow":["GET"]}}],"collection":[{"href":"https:\/\/www.autumnfestival.net\/index.php?rest_route=\/wp\/v2\/pages"}],"about":[{"href":"https:\/\/www.autumnfestival.net\/index.php?rest_route=\/wp\/v2\/types\/page"}],"author":[{"embeddable":true,"href":"https:\/\/www.autumnfestival.net\/index.php?rest_route=\/wp\/v2\/users\/1"}],"replies":[{"embeddable":true,"href":"https:\/\/www.autumnfestival.net\/index.php?rest_route=%2Fwp%2Fv2%2Fcomments&post=430"}],"version-history":[{"count":78,"href":"https:\/\/www.autumnfestival.net\/index.php?rest_route=\/wp\/v2\/pages\/430\/revisions"}],"predecessor-version":[{"id":870,"href":"https:\/\/www.autumnfestival.net\/index.php?rest_route=\/wp\/v2\/pages\/430\/revisions\/870"}],"wp:attachment":[{"href":"https:\/\/www.autumnfestival.net\/index.php?rest_route=%2Fwp%2Fv2%2Fmedia&parent=430"}],"curies":[{"name":"wp","href":"https:\/\/api.w.org\/{rel}","templated":true}]}}